{"id":1172,"date":"2010-07-02T14:32:11","date_gmt":"2010-07-02T12:32:11","guid":{"rendered":"http:\/\/www.fkarta.cz\/?page_id=1172"},"modified":"2022-06-06T22:16:27","modified_gmt":"2022-06-06T20:16:27","slug":"falesnaci","status":"publish","type":"page","link":"https:\/\/www.fkarta.cz\/?page_id=1172","title":{"rendered":"Fale\u0161\u0148\u00e1ci"},"content":{"rendered":"<p>&nbsp;<\/p>\n<h2 style=\"text-align: center;\">Milan &#8222;Milda&#8220; Dvo\u0159\u00e1k<\/h2>\n<p>ngg_shortcode_0_placeholderZakl\u00e1daj\u00edc\u00ed\u00a0\u010dlen kapely i osady<\/p>\n<p style=\"text-align: left;\"><strong>Narozen:<\/strong> 23.8. 1976<br \/>\n<strong>\u010c\u00edslo bot:<\/strong> 13<\/p>\n<p>Milovn\u00edk v\u00fd\u0161lap\u016f, houba\u0159en\u00ed a\u00a0ml\u00e9ka. Dost \u010dasto se mu st\u00e1v\u00e1, \u017ee se na sej\u0161nech a ohn\u00edch zapomene a\u00a0hraje a\u017e do r\u00e1na.\u00a0Um\u00ed geni\u00e1ln\u011b imitovat tulen\u011b a lamu. Nem\u00e1 r\u00e1d\u00a0 raj\u010data, proto\u017ee ho po nich p\u00e1l\u00ed d\u00e1sn\u011b. S man\u017eelkou Weverkou a d\u011btmi Magdou , Milanem a Martinem bydl\u00ed v Nov\u00e9m M\u011bst\u011b na Morav\u011b.<\/p>\n<p><strong>Nesn\u00e1\u0161\u00ed:<\/strong> Telefonov\u00e1n\u00ed <em>(tak\u017ee touto cestou v\u0161echny pros\u00ed, aby mu bylo telefonov\u00e1no vopravdu jen v nejnutn\u011bj\u0161\u00edch p\u0159\u00edpadech)<\/em><\/p>\n<p><em>\u00a0<\/em><\/p>\n<hr \/>\n<h2 style=\"text-align: center;\">Vlastimil &#8222;Vlas\u0165\u00e1k&#8220; Libra<\/h2>\n<p>ngg_shortcode_1_placeholderZakl\u00e1daj\u00edc\u00ed \u010dlen kapely i osady<\/p>\n<p><strong>Narozen:<\/strong> 22. 4. 1976<br \/>\n<strong>Hmotnost:<\/strong> M\u00e1lo<br \/>\n<strong>Obvod hrudn\u00edku:<\/strong> 20 cm<\/p>\n<p>Zamlada to\u00a0b\u00fdval mezi Fale\u0161\u0148\u00e1ky nejv\u011bt\u0161\u00ed lama\u010d d\u00edv\u010d\u00edch srdc\u00ed, obdivovaly ho hlavn\u011b hol\u010di\u010dky ve v\u011bku 10-12 let. Kdy\u017e zest\u00e1rl, stal se pro n\u011b nezaj\u00edmav\u00fdm. A\u010d hodn\u011b j\u00ed, netloustne &#8211; m\u00e1 patrn\u011b tasemnici. Kdy\u017e je nespokojen, tak st\u0159ih\u00e1 kn\u00edrem. Do 11 let se jmenoval Z\u00e1bransk\u00fd, ale pak se z finan\u010dn\u00edch d\u016fvod\u016f nechal p\u0159ejmenovat na Libru. Prakticky ka\u017edou matematickou \u00falohu je schopn\u00fd hrav\u011b spo\u010d\u00edtat metodou pr\u016fm\u011brn\u00fdch \u010dtverc\u016f. V \u00fater\u00fd se p\u016fjde nechat ost\u0159\u00edhat na kluka. Jako maj\u00ed divadeln\u00ed soubory sv\u00e9 prvn\u00ed milovn\u00edky, nebo prvn\u00ed padouchy, Vlas\u0165\u00e1k je ve Fale\u0161n\u00e9 kart\u011b\u00a0prvn\u00edm recitativ\u00e1\u0159em.\u00a0\u00a0Um\u00ed plynn\u011b Francouzky odpov\u011b\u010fet na ot\u00e1zku &#8222;Kde je ta bl\u016fza ?&#8220; (mus\u00ed b\u00fdt ov\u0161em spln\u011bna podm\u00ednka, \u017ee ta bl\u016fza le\u017e\u00ed zrovna na stole). S man\u017eelkou Lenkou a syn\u00e1tory Koubou Librou (Cuba Libre), Luk\u00e1\u0161em a Martinem bydl\u00ed v Dob\u0159ichovic\u00edch.<\/p>\n<p>&nbsp;<\/p>\n<hr \/>\n<h2 style=\"text-align: center;\">Vratislav &#8222;Vr\u00e1\u0165a&#8220; Bla\u017eek<\/h2>\n<p style=\"text-align: left;\">ngg_shortcode_2_placeholder\u010clenem kapely od roku 2009,\u00a0\u010dlenem osady od roku 2010<\/p>\n<p style=\"text-align: left;\"><strong>Narozen:<\/strong> 29.10. 1984<br \/>\n<strong>Hmotnost:<\/strong> podm\u011bre\u010dn\u00e1<br \/>\n<strong>V\u00fd\u0161ka:<\/strong> t\u011bsn\u011b pod strop<\/p>\n<p style=\"text-align: left;\">Vr\u00e1\u0165a je samorost. N\u011bkdy mu \u0159\u00edk\u00e1me t\u00e9\u017e &#8222;Lrn\u00e1rt\u00edvek&#8220;, nebo zkr\u00e1cen\u011b &#8222;LR&#8220;. Ovl\u00e1daj\u00ed ho t\u011blesn\u00e9 pot\u0159eby &#8211; v\u011bt\u0161inu \u010dasu sp\u00ed, j\u00ed, nebo vylu\u010duje.<br \/>\nVr\u00e1\u0165a je informatik t\u011blem i du\u0161\u00ed, co\u017e se n\u011bkdy projevuje i tak, \u017ee my ostatn\u00ed nerozum\u00edme, co vlastn\u011b \u0159\u00edk\u00e1 &#8211; a\u017e V\u00e1s taky n\u011bkdy po\u017e\u00e1d\u00e1 jestli byste mu mohli &#8222;nasd\u00edlet&#8220; V\u00e1\u0161 gul\u00e1\u0161, tak mu ho prost\u011b dejte norm\u00e1ln\u011b ochutnat (rozum\u011bj sn\u00edst). A a\u017e V\u00e1m n\u011bkdy \u0159ekne, \u017ee v tom\u00a0softu jsou zainkl\u016fdovan\u00fd\u00a0nov\u00fd f\u00ed\u010dury, tak mu to jen odk\u00fdvejte a myslete si svoje.\u00a0I Vr\u00e1\u0165a m\u00e1 tasemnici, jinak to nejni mo\u017en\u00fd. Bydl\u00ed s Jani\u010dkou a syn\u00e1torem Ton\u00edkem v N\u00e1m\u011b\u0161ti nad Oslavou.<\/p>\n<p><em>\u00a0<\/em><\/p>\n<hr \/>\n<h2 style=\"text-align: center;\">Tom\u00e1\u0161 &#8222;\u010c\u00e1ra&#8220; Vol\u0161e<\/h2>\n<p style=\"text-align: left;\">ngg_shortcode_3_placeholder\u010clenem kapely od roku 2009,\u00a0\u010dlenem osady od roku 2010<\/p>\n<p style=\"text-align: left;\"><strong>Narozen:<\/strong> 3.4. 1986<br \/>\n<strong>V\u00fd\u0161ka:<\/strong> P\u0159ezd\u00edvku &#8222;\u010c\u00e1ra&#8220; opravdu nem\u00e1 bezd\u016fvodn\u011b<\/p>\n<p style=\"text-align: left;\">\u010c\u00e1ra je p\u016fvodem metalista, kter\u00fd paraleln\u011b koketuje s trampskou muzikou.\u00a0Je\u00a0velik\u00fdm milovn\u00edkem piva, kter\u00fdm b\u00fdv\u00e1 dost \u010dasto opanov\u00e1n. Ob\u010das mu \u0159\u00edk\u00e1me t\u00e9\u017e &#8222;P\u00edskomil&#8220;, co\u017e famili\u00e1rn\u011b zkracujeme na &#8222;P\u00edsk\u010da&#8220; (kdy\u017e n\u00e1s na\u0161tve, po\u0161leme nejd\u0159\u00edv d\u011bti za dve\u0159e a pak to zkr\u00e1t\u00edme je\u0161t\u011b o dal\u0161\u00ed dv\u011b p\u00edsmenka). \u00a0Sv\u00e9ho \u010dasu bezmezn\u011b miloval Becherovku, a\u017e jsme ho\u00a0dokonce podez\u00edrali,\u00a0\u017ee je spole\u010dn\u011b s Milo\u0161em Zemanem tajn\u00fdm agentem Becherovky (obdobn\u011b jako byl Limon\u00e1dov\u00fd Joe tajn\u00fdm agentem Kolaloky). Pozd\u011bji se ale z Becherovky p\u0159eorientoval na t\u0159tinov\u00e9 rumy\u00a0 S man\u017eelkou Baru\u0161kou a d\u011btmi S\u00e1rou a Mari\u00e1nkou bydl\u00ed v Brand\u00fdse nad Labem.<\/p>\n<hr \/>\n<h1 style=\"text-align: center;\">B\u00fdval\u00ed\u00a0Fale\u0161\u0148\u00e1ci<\/h1>\n<h2 style=\"text-align: center;\">Petr &#8222;Hodnej Pe\u0165a&#8220; S\u00fdkora<\/h2>\n<p style=\"text-align: left;\">ngg_shortcode_4_placeholder\u010clenem osady od roku 1999<\/p>\n<p style=\"text-align: left;\"><strong>Narozen:<\/strong> 2.2. 1972<br \/>\n<strong>Hmotnost:<\/strong> akor\u00e1t<br \/>\n<strong>V\u00fd\u0161ka:<\/strong> 194 cm<\/p>\n<p style=\"text-align: left;\">B\u00fdval to bezkonkuren\u010dn\u011b nejhodn\u011bj\u0161\u00ed \u010dlen Fale\u0161n\u00e9 karty. Hodn\u00fd je i d\u00e1l. Je dokonce\u00a0tak stra\u0161n\u011b hodnej, \u017ee na n\u011bj bylo podan\u00fd trestn\u00ed ozn\u00e1men\u00ed.\u00a0Na v\u0161echny akce jezd\u00ed pouze, jak \u0159\u00edk\u00e1, &#8222;s chlebn\u00ed\u010dkem&#8220; (v\u011bt\u0161\u00ed ba\u0165oh jste v \u017eivot\u011b nevid\u011bli). A\u017e s n\u00edm budete n\u011bkdy mluvit, tak se ho zeptejte na jeho n\u00e1vrh \u0159e\u0161en\u00ed &#8222;romsk\u00e9 ot\u00e1zky&#8220;.<\/p>\n<p>Pe\u0165a je tak hodnej \u017ee:<\/p>\n<ul>\n<li>&#8230;\u017ee kdy\u017e n\u00e1s jednou zastavili policajti se slovy &#8222;No v\u00e1s je v tom aut\u011b snad \u0161est !!&#8220;, tak Hodnej Pe\u0165a \u0159ekl popravd\u011b &#8222;sedm&#8220;<\/li>\n<li>&#8230;\u017ee na prvn\u00edm potlachu na kter\u00fdm s n\u00e1ma Hodnej Pe\u0165a byl (u T.O. YUCON) posunul kamen, kterej vy\u010dn\u00edval z kruhu aby o n\u011bj n\u011bkdo nezakopl ( &#8230;H. Pe\u0165a tak uzav\u0159el omylem \u0161erifskej kruh)<\/li>\n<li>&#8230;\u017ee kdy\u017e jsme d\u00e1vali Vlas\u0165\u00e1kovi ka\u017edej 400 K\u010d na ben\u00e1l za cestu z N\u00edzkejch Tater, tak H. Pe\u0165a vnutil Vlas\u0165\u00e1kovi 450 K\u010d a je\u0161t\u011b to cht\u011bl usmlouvat na 500 K\u010d<\/li>\n<li>&#8230;\u017ee kdy\u017e jsme Jitku hodili na jej\u00edch narozenin\u00e1ch do sn\u011bhu, tak Hodnej Pe\u0165a hned b\u011b\u017eel pro smet\u00e1\u010dek, aby ji opr\u00e1\u0161il<\/li>\n<li>&#8230;\u017ee kdy\u017e bylo L\u00e1\u010fovi \u010c\u00ed\u0148anovi na vrcholu Chopoku zima (proto\u017ee m\u011bl kra\u0165asy), tak si Hodnej Pe\u0165a vyhrnul svoje dlouh\u00fd kalhoty nad kolena aby v tom L\u00e1\u010fa nebyl s\u00e1m<\/li>\n<li>&#8230;\u017ee kdy\u017e jsme autem jeli v de\u0161ti kolem louky na kter\u00e9 se p\u00e1sly kr\u00e1vy, tak Hodnej Pe\u0165a za\u010dal p\u0159em\u00fd\u0161let jak by nad nima rozprost\u0159el plachtu aby nezmokly<\/li>\n<li>&#8230;\u017ee kdy\u017e \u0161el Hodnej Pe\u0165a s o\u017eralou bandou (kter\u00e1 d\u011blala bordel) lesem tak je krotil slovy &#8222;Ti\u0161e, srne\u010dci spinkaj\u00ed&#8220;<\/li>\n<li>&#8230;\u017ee kdy\u017e do n\u011bj Milda jednou v Praze na chodn\u00edku omylem vrazil, tak se mu Hodnej Pe\u0165a je\u0161t\u011b omluvil<\/li>\n<li>&#8230;\u017ee kdy\u017e s n\u00edm\u00a0na srubu hr\u00e1l Tond\u016fv syn\u00e1tor\u00a0karty o to kdo p\u016fjde na p\u011bt minut ven na d\u00e9\u0161\u0165 a Hodnej Pe\u0165a prohr\u00e1l, tak si \u0161el stoupnout na d\u00e9\u0161\u0165 a je\u0161t\u011b si s sebou vzal n\u00e1dob\u00ed aby ho pod r\u00fdnou umyl<\/li>\n<\/ul>\n<p>&nbsp;<\/p>\n<hr \/>\n<h2 style=\"text-align: center;\">\u00a0Pavel &#8222;Jim&#8220; Mach\u00e1\u010dek<\/h2>\n<p style=\"text-align: left;\">ngg_shortcode_5_placeholderV\u00a0kapele i osad\u011b\u00a0v obdob\u00ed 2002-2008<\/p>\n<p style=\"text-align: left;\">Jima jsme poznali jako mla\u010fou\u010dk\u00e9ho vykulen\u00e9ho kluka\u00a0zap\u00e1len\u00e9ho do trampsk\u00e9 muziky n\u011bkdy v roce 1999 ve Svratce, kde Jim v t\u011bch letech bydlel. Pravideln\u011b s n\u00e1mi za\u010dal jezd\u00edvat ale a\u017e v roce 2002. V kapele\u00a0hr\u00e1l na kontrabas.\u00a0Fale\u0161nou kartu opustil na vlastn\u00ed p\u0159\u00e1n\u00ed. Od t\u00e9 doby se s n\u00edm ale dost \u010dasto v\u00edd\u00e1v\u00e1me. Jezd\u00ed na n\u011bkter\u00e9 na\u0161e akce a pravideln\u011b n\u00e1m moderuje V\u00edrsk\u00e9ho sumce.<\/p>\n<p><em>\u00a0<\/em><\/p>\n<hr \/>\n<h2 style=\"text-align: center;\">Zden\u011bk &#8222;\u010c\u00edra&#8220; Jir\u010d\u00edk<\/h2>\n<p style=\"text-align: left;\">ngg_shortcode_6_placeholderV\u00a0kapele i osad\u011b\u00a0\u00a0v obdob\u00ed 1997-2004<\/p>\n<p style=\"text-align: left;\">\u010c\u00edra byl v\u00fdraznou osobnost\u00ed, kter\u00e1 dlouh\u00fdch 7 let psala tu\u010dn\u00fdm p\u00edsmem historii Fale\u0161n\u00e9 karty. Poznali jsme se s n\u00edm v roce 1997 ve front\u011b na pivo na festivalu Ole\u0161nick\u00e1 kytka, po \u010dase s n\u00e1mi za\u010dal jezdit a z\u00e1hy vstoupil i do kapely\u00a0a osady. D\u00edky n\u011bmu jsme\u00a0z\u00edskali n\u00e1\u0161 osadn\u00ed flek na &#8222;Hradisku&#8220;. Fale\u0161nou kartu opustil na vlastn\u00ed p\u0159\u00e1n\u00ed v roce 2004. Kdo \u010c\u00edru zn\u00e1, v\u00ed \u017ee\u00a0jeho obl\u00edben\u00fdm n\u00e1pojem je Rum Bo\u017ekov.\u00a0I kdy\u017e my ostatn\u00ed jsme rumu moc nedali, m\u011bli jsme v dob\u00e1ch, kdy v na\u0161\u00ed osad\u011b \u010c\u00edra p\u016fsobil \u00factyhodn\u00fd pr\u016fm\u011br 0,5 l rumu na v\u00edkend.<\/p>\n<p style=\"text-align: left;\"><span style=\"color: #ffffff;\">.<\/span><\/p>\n<p style=\"text-align: left;\"><span style=\"color: #ffffff;\">.<\/span><\/p>\n<hr \/>\n<h2 style=\"text-align: center;\">Pavel &#8222;Hal\u00ed\u0159&#8220; Drobn\u00fd<\/h2>\n<p style=\"text-align: left;\">ngg_shortcode_7_placeholderV osad\u011b\u00a0v obdob\u00ed 1998-1999<\/p>\n<p style=\"text-align: left;\">Hal\u00ed\u0159e jsme poznali d\u00edky \u010c\u00edrovi. Je vesel\u00e1 kopa a nikdy nezkazil \u017e\u00e1dnou srandu. N\u00e1\u0161 v t\u00e9 dob\u011b n\u00e1ro\u010dn\u00fd \u017eivot vydr\u017eel ale pouze rok.<\/p>\n<p style=\"text-align: left;\"><span style=\"color: #ffffff;\">.<\/span><\/p>\n<p style=\"text-align: left;\"><span style=\"color: #ffffff;\">.<\/span><\/p>\n<p style=\"text-align: left;\"><span style=\"color: #ffffff;\">.<\/span><\/p>\n<hr \/>\n<h2 style=\"text-align: center;\">\u00a0\u00a0Petr &#8222;\u017delva&#8220; Krhounek<\/h2>\n<p style=\"text-align: left;\">ngg_shortcode_8_placeholderZakl\u00e1daj\u00edc\u00ed \u010dlen kapely i osady. P\u016fsobil zde\u00a0v obdob\u00ed 1995-1997<\/p>\n<p style=\"text-align: left;\">\u017delva byl spolu\u017e\u00e1kem Mildy z Pr\u016fmky. Byl u prapo\u010d\u00e1tk\u016f Fale\u0161n\u00e9 karty. V kapele\u00a0hr\u00e1val na kontrabas a baskytaru. V roce 1997 u n\u011bj ale zv\u00edt\u011bzily jin\u00e9 z\u00e1jmy a p\u0159estal s n\u00e1mi jezdit.<\/p>\n<p style=\"text-align: left;\"><span style=\"color: #ffffff;\">.<\/span><\/p>\n<p style=\"text-align: left;\"><span style=\"color: #ffffff;\">.<\/span><\/p>\n<p style=\"text-align: left;\"><span style=\"color: #ffffff;\">.<\/span><\/p>\n<hr \/>\n<p style=\"text-align: left;\">Ve v\u00fd\u010dtu b\u00fdval\u00fdch Fale\u0161\u0148\u00e1k\u016f nesm\u00edme zapomenout ani na ty &#8222;ne\u017eivotn\u00e9&#8220;<\/p>\n<h2 style=\"text-align: center;\">Por\u0161\u00e1k<\/h2>\n<p style=\"text-align: left;\">ngg_shortcode_9_placeholder<strong>V\u011bk:<\/strong> 24 let (&#8230;a to je na auto vopravdu hodn\u011b)<\/p>\n<p style=\"text-align: left;\">&#8222;Por\u0161\u00e1k&#8220; byla na\u0161e osadn\u00ed \u0161kodovka, kter\u00e1 n\u00e1m slou\u017eila 3 dlouh\u00e9 roky. Hodn\u011b jsme toho s n\u00edm pro\u017eili: V Hol\u0161tejn\u011b se n\u00e1m po st\u0159e\u0161e pro\u0161ly 2 stra\u0161idla z masopustu, z Oslavan jsme jeli a\u017e do Nov\u00e9ho M\u011bsta na dvojku proto\u017ee ne\u0161lo \u0159adit, v zim\u011b startoval jen\u00a0p\u0159i pou\u017eit\u00ed speci\u00e1ln\u00edho postupu&#8230;a takov\u00fdch kr\u00e1sn\u00fdch z\u00e1\u017eitk\u016f bylo s Por\u0161\u00e1kem nepo\u010d\u00edtan\u011b. M\u011bli jsme vypracovanej syst\u00e9m nased\u00e1n\u00ed a nakl\u00e1d\u00e1n\u00ed v\u011bc\u00ed, tak\u017ee se n\u00e1s tam ve\u0161lo dovnit\u0159 5 a je\u0161t\u011b kontrabas, kytary a b\u00e1gly. U Por\u0161\u00e1ka byl kum\u0161t naj\u00edt sou\u010d\u00e1stku, kter\u00e1 by je\u0161t\u011b nebyla opravovan\u00e1.<\/p>\n<p>&nbsp;<\/p>\n<hr \/>\n<h2 style=\"text-align: center;\">\u00a0Jarou\u0161<\/h2>\n<p>ngg_shortcode_10_placeholder<strong>M\u00edsto narozen\u00ed: <\/strong>\u010c\u00edna (asi)<\/p>\n<p><strong>Do Fale\u0161n\u00e9 karty byl p\u0159ijat:<\/strong> V listopadu 2002 p\u0159\u00edmo na benz\u00ednce v Karlov\u00fdch Varech, ihned po zakoupen\u00ed<\/p>\n<p>Jarou\u0161 spolehliv\u011b plnil\u00a0posl\u00e1n\u00ed osadn\u00edho maskota od listopadu 2002 n\u011bkdy\u00a0do roku 2004, kdy se n\u00e1m ho poda\u0159ilo n\u011bkde ztratit :(.\u00a0Byl to nen\u00e1ro\u010dn\u00fd\u00a0mil\u00fd spole\u010dn\u00edk, kter\u00fd sv\u00fdmi srandovn\u00edmi zvuky rozd\u00e1val optimismus v\u0161ude, kde se objevil.<\/p>\n<p><span style=\"color: #ffffff;\">\u00a0<\/span><\/p>\n<hr \/>\n<h1 style=\"text-align: center;\">Fale\u0161\u0148\u00e1tka<\/h1>\n<h2 style=\"text-align: center;\">&#8230;aneb synov\u00e9 a dcery (nikoli Jakuba Skl\u00e1\u0159e&#8230;ale) Fale\u0161\u0148\u00e1k\u016f<\/h2>\n<p style=\"text-align: left;\">Zde V\u00e1m budeme postupn\u011b p\u0159edstavovat na\u0161e d\u011bti &#8211; Fale\u0161\u0148\u00e1tka.<\/p>\n<h2 style=\"text-align: center;\">Magdi\u010dka Dvo\u0159\u00e1kov\u00e1<\/h2>\n<p style=\"text-align: left;\">ngg_shortcode_11_placeholder<strong>Datum narozen\u00ed:<\/strong> 9. 3. 2004<br \/>\n<strong>Rodi\u010de:<\/strong> Milda a Weverka<\/p>\n<p style=\"text-align: left;\">Nep\u0159ebern\u00e9 mno\u017estv\u00ed fotek Magdi\u010dky najdete <a href=\"http:\/\/mildafk.rajce.idnes.cz\/\" target=\"_blank\">ZDE<\/a><\/p>\n<hr \/>\n<h2 style=\"text-align: center;\">Mil\u00e1nek a Mart\u00ednek Dvo\u0159\u00e1kovi<\/h2>\n<p style=\"text-align: left;\">ngg_shortcode_12_placeholder<strong>Datum narozen\u00ed:<\/strong> 10.12. 2006<br \/>\n<strong>Rodi\u010de:<\/strong> Milda a Weverka<\/p>\n<p style=\"text-align: left;\">Nep\u0159ebern\u00e9 mno\u017estv\u00ed fotek Mil\u00e1nka a\u00a0Mart\u00ednka\u00a0najdete <a href=\"http:\/\/mildafk.rajce.idnes.cz\/\" target=\"_blank\">ZDE<\/a><\/p>\n<hr \/>\n<h2 style=\"text-align: center;\">Jakub Libra (Cuba Libre)<\/h2>\n<p style=\"text-align: left;\"><strong>Datum narozen\u00ed:<\/strong> ?.9. 2013<br \/>\n<strong>Rodi\u010de:<\/strong>\u00a0\u00a0Vlas\u0165\u00e1k a Lenka<\/p>\n<hr \/>\n<h2 style=\"text-align: center;\">S\u00e1ra Vol\u0161ov\u00e1<\/h2>\n<p style=\"text-align: left;\"><strong>Datum narozen\u00ed:<\/strong> ?.?.\u00a0????<br \/>\n<strong>Rodi\u010de:<\/strong> \u010c\u00e1ra a Baru\u0161ka<\/p>\n<hr \/>\n<h2 style=\"text-align: center;\">Luk\u00e1\u0161 Libra<\/h2>\n<p style=\"text-align: left;\"><strong>Datum narozen\u00ed:<\/strong> ?.?.\u00a02018<br \/>\n<strong>Rodi\u010de:<\/strong>\u00a0Vlas\u0165\u00e1k a Lenka<\/p>\n<hr \/>\n<h2 style=\"text-align: center;\">Mari\u00e1nka Vol\u0161ov\u00e1<\/h2>\n<p style=\"text-align: left;\"><strong>Datum narozen\u00ed:<\/strong> ?.1. 2019<br \/>\n<strong>Rodi\u010de:<\/strong> \u010c\u00e1ra a Baru\u0161ka<\/p>\n<hr \/>\n<h2 style=\"text-align: center;\">Martin Libra<\/h2>\n<p style=\"text-align: left;\"><strong>Datum narozen\u00ed:<\/strong> ?.12. 2021<br \/>\n<strong>Rodi\u010de:<\/strong> Vlas\u0165\u00e1k a Lenka<\/p>\n","protected":false},"excerpt":{"rendered":"<p>&nbsp; Milan &#8222;Milda&#8220; Dvo\u0159\u00e1k Zakl\u00e1daj\u00edc\u00ed\u00a0\u010dlen kapely i osady Narozen: 23.8. 1976 \u010c\u00edslo bot: 13 Milovn\u00edk v\u00fd\u0161lap\u016f, houba\u0159en\u00ed a\u00a0ml\u00e9ka. Dost \u010dasto se mu st\u00e1v\u00e1, \u017ee se na sej\u0161nech a ohn\u00edch zapomene a\u00a0hraje a\u017e do r\u00e1na.\u00a0Um\u00ed geni\u00e1ln\u011b imitovat tulen\u011b a lamu. Nem\u00e1 r\u00e1d\u00a0 raj\u010data, proto\u017ee ho po nich p\u00e1l\u00ed d\u00e1sn\u011b. S man\u017eelkou Weverkou a d\u011btmi Magdou , [&hellip;]<\/p>\n","protected":false},"author":5,"featured_media":0,"parent":951,"menu_order":10,"comment_status":"closed","ping_status":"closed","template":"","meta":{"ngg_post_thumbnail":0,"footnotes":""},"class_list":["post-1172","page","type-page","status-publish","hentry"],"_links":{"self":[{"href":"https:\/\/www.fkarta.cz\/index.php?rest_route=\/wp\/v2\/pages\/1172","targetHints":{"allow":["GET"]}}],"collection":[{"href":"https:\/\/www.fkarta.cz\/index.php?rest_route=\/wp\/v2\/pages"}],"about":[{"href":"https:\/\/www.fkarta.cz\/index.php?rest_route=\/wp\/v2\/types\/page"}],"author":[{"embeddable":true,"href":"https:\/\/www.fkarta.cz\/index.php?rest_route=\/wp\/v2\/users\/5"}],"replies":[{"embeddable":true,"href":"https:\/\/www.fkarta.cz\/index.php?rest_route=%2Fwp%2Fv2%2Fcomments&post=1172"}],"version-history":[{"count":142,"href":"https:\/\/www.fkarta.cz\/index.php?rest_route=\/wp\/v2\/pages\/1172\/revisions"}],"predecessor-version":[{"id":3872,"href":"https:\/\/www.fkarta.cz\/index.php?rest_route=\/wp\/v2\/pages\/1172\/revisions\/3872"}],"up":[{"embeddable":true,"href":"https:\/\/www.fkarta.cz\/index.php?rest_route=\/wp\/v2\/pages\/951"}],"wp:attachment":[{"href":"https:\/\/www.fkarta.cz\/index.php?rest_route=%2Fwp%2Fv2%2Fmedia&parent=1172"}],"curies":[{"name":"wp","href":"https:\/\/api.w.org\/{rel}","templated":true}]}}